{"id":3,"date":"2024-12-30T11:20:39","date_gmt":"2024-12-30T10:20:39","guid":{"rendered":"http:\/\/localhost\/eagle\/?page_id=3"},"modified":"2025-01-22T17:42:19","modified_gmt":"2025-01-22T16:42:19","slug":"politica-privacidad","status":"publish","type":"page","link":"https:\/\/www.eagle-glasses.com\/pt\/politica-privacidad\/","title":{"rendered":"Pol\u00edtica de Privacidade"},"content":{"rendered":"<p class=\"wp-block-paragraph\">O Regulamento Geral de Prote\u00e7\u00e3o de Dados (Regulamento (UE) 2016\/679) harmoniza a legisla\u00e7\u00e3o de Prote\u00e7\u00e3o de Dados em toda a Uni\u00e3o Europeia, aumentando a prote\u00e7\u00e3o das pessoas singulares e conferindo-lhes um maior controlo sobre os seus dados pessoais. Na JDM S.R.L. Sempre nos preocupamos com a prote\u00e7\u00e3o dos dados pessoais. Por este motivo, atualizamos a nossa Pol\u00edtica de Privacidade de forma a adequ\u00e1-la ao novo regulamento e inform\u00e1-lo sobre as altera\u00e7\u00f5es que afetam os seus direitos:<\/p>\n\n\n\n<h2 class=\"wp-block-heading\">Quem \u00e9 o respons\u00e1vel pelo tratamento dos seus dados pessoais?<\/h2>\n\n\n\n<p class=\"wp-block-paragraph\">Sede Jur\u00eddica: B.go Compagnoni 32 \u2013 62100 \u2013 Macerata<br>Sede Operativa e Log\u00edstica: Via Piermanni 6B \u2013 Zona Industrial VILLA MATTEI \u2013 62010 \u2013 Sant\u2019Egidio di Montecassiano (MC)<\/p>\n\n\n\n<h2 class=\"wp-block-heading\">Com que finalidade tratamos os seus dados pessoais?<\/h2>\n\n\n\n<p class=\"wp-block-paragraph\">Os dados que a JDM S.R.L recolhe atrav\u00e9s de diversos meios (p\u00e1gina web, email, formul\u00e1rios eletr\u00f3nicos ou formul\u00e1rios e documentos em papel) no \u00e2mbito da sua atividade s\u00e3o tratados para as seguintes finalidades:<\/p>\n\n\n\n<ul class=\"wp-block-list\">\n<li>Manuten\u00e7\u00e3o da rela\u00e7\u00e3o comercial e contratual com nossos clientes e fornecedores.<\/li>\n\n\n\n<li>Gerir e processar o registo como utilizador da \u00e1rea privada do Site e facilitar o acesso \u00e0s diferentes funcionalidades, produtos e servi\u00e7os que s\u00e3o disponibilizados aos utilizadores registados.<\/li>\n\n\n\n<li>Envie informa\u00e7\u00f5es sobre novos produtos e servi\u00e7os das empresas JDM S.R.L.<\/li>\n\n\n\n<li>Envio de comunica\u00e7\u00f5es comerciais, boletins e newsletters, com informa\u00e7\u00e3o sobre a JDM S.R.L..<\/li>\n\n\n\n<li>Realizar estudos e an\u00e1lises estat\u00edsticas, bem como levantamentos de qualidade dos servi\u00e7os oferecidos.<\/li>\n\n\n\n<li>Realizar processos de sele\u00e7\u00e3o de pessoal para uma fun\u00e7\u00e3o.<\/li>\n<\/ul>\n\n\n\n<h2 class=\"wp-block-heading\">Durante quanto tempo guardamos os seus dados?<\/h2>\n\n\n\n<p class=\"wp-block-paragraph\">No caso de fornecedores, clientes, colaboradores e funcion\u00e1rios, conservamos os seus dados enquanto durar a rela\u00e7\u00e3o contratual connosco e, posteriormente, pelo per\u00edodo estabelecido na legisla\u00e7\u00e3o vigente aplic\u00e1vel. Em rela\u00e7\u00e3o aos processos de sele\u00e7\u00e3o de pessoal, os dados ser\u00e3o conservados durante todo o processo e, caso o CV seja de interesse, ser\u00e3o conservados por um per\u00edodo n\u00e3o superior a um ano e, ap\u00f3s esse per\u00edodo, ser\u00e3o eliminados ou destru\u00eddos Em rela\u00e7\u00e3o \u00e0s a\u00e7\u00f5es destinadas \u00e0 prospe\u00e7\u00e3o comercial, os dados ser\u00e3o conservados at\u00e9 que o interessado se oponha ao tratamento ou retire o seu consentimento.<\/p>\n\n\n\n<h2 class=\"wp-block-heading\">Por que utilizamos os seus dados pessoais?<\/h2>\n\n\n\n<p class=\"wp-block-paragraph\">Os seus dados pessoais s\u00e3o processados \u200b\u200bpela JDM S.R.L. nas seguintes bases legais:<\/p>\n\n\n\n<ul class=\"wp-block-list\">\n<li>Seu consentimento ou ter sido fornecido voluntariamente por voc\u00ea por qualquer meio. Neste sentido, a inclus\u00e3o de dados pessoais em ficheiros \u00e9 absolutamente volunt\u00e1ria e a sua recolha \u00e9 devidamente anunciada.<\/li>\n\n\n\n<li>A manuten\u00e7\u00e3o, desenvolvimento e execu\u00e7\u00e3o de rela\u00e7\u00e3o contratual que mantemos consigo, no caso de: (i) presta\u00e7\u00e3o de servi\u00e7os; (ii) rela\u00e7\u00f5es trabalhistas, comerciais, administrativas, entre outras.<\/li>\n\n\n\n<li>Por interesse leg\u00edtimo, respeitando sempre o seu direito \u00e0 prote\u00e7\u00e3o dos dados pessoais, da honra e da privacidade, para o desenvolvimento e divulga\u00e7\u00e3o dos nossos produtos e servi\u00e7os, analisar a qualidade do servi\u00e7o oferecido e o grau de satisfa\u00e7\u00e3o dos utilizadores, bem como realizar estudos e an\u00e1lise estat\u00edstica.<\/li>\n<\/ul>\n\n\n\n<h2 class=\"wp-block-heading\">A quem comunicaremos os seus dados?<\/h2>\n\n\n\n<p class=\"wp-block-paragraph\">Os seus dados ser\u00e3o mantidos sob rigorosas medidas de seguran\u00e7a que garantem a sua confidencialidade e seguran\u00e7a. Da mesma forma, somente ser\u00e3o transferidos \u00e0s entidades e para os seguintes fins:<\/p>\n\n\n\n<ul class=\"wp-block-list\">\n<li>Os dados ser\u00e3o tratados pela JDM S.R.L., no \u00e2mbito da rela\u00e7\u00e3o comercial e contratual com o cliente.<\/li>\n\n\n\n<li>Entidades e fornecedores que prestam servi\u00e7os \u00e0 JDM S.R.L. para a correta execu\u00e7\u00e3o de nossas atividades e projetos. Estas entidades e fornecedores est\u00e3o devidamente credenciados e assinam connosco o correspondente contrato de tratamento de dados em cumprimento da normativa de prote\u00e7\u00e3o de dados em vigor.<\/li>\n<\/ul>\n\n\n\n<p class=\"wp-block-paragraph\">Para lhe dar exemplos dos servi\u00e7os que os nossos fornecedores nos prestam e que podem envolver o tratamento dos seus dados pessoais por conta da JDM S.R.L., podemos citar, a t\u00edtulo de exemplo e n\u00e3o limitativo: servi\u00e7os profissionais multidisciplinares, log\u00edstica, assessoria jur\u00eddica, tecnol\u00f3gica servi\u00e7os, TI, mensagens e entrega, manuten\u00e7\u00e3o, seguran\u00e7a e vigil\u00e2ncia, publicidade e marketing, call center, etc.<\/p>\n\n\n\n<ul class=\"wp-block-list\">\n<li>Organismos e autoridades p\u00fablicas e Tribunais e Tribunais quando exista a obriga\u00e7\u00e3o legal de fornecer os dados.<\/li>\n<\/ul>\n\n\n\n<p class=\"wp-block-paragraph\">Em caso de transfer\u00eancia dos seus dados para entidades distintas das expostas, o utilizador ser\u00e1 previamente informado da transfer\u00eancia, finalidade e identifica\u00e7\u00e3o do cession\u00e1rio, a fim de conceder o correspondente consentimento.<\/p>\n\n\n\n<h2 class=\"wp-block-heading\">Que canais utilizamos para obter os seus dados?<\/h2>\n\n\n\n<p class=\"wp-block-paragraph\">JDM S.R.L., obt\u00e9m dados pessoais atrav\u00e9s dos seguintes canais:<\/p>\n\n\n\n<ul class=\"wp-block-list\">\n<li>E-mail.<\/li>\n\n\n\n<li>Formul\u00e1rios\/Question\u00e1rios (Web, formato eletr\u00f4nico ou papel).<\/li>\n\n\n\n<li>Troca de cart\u00f5es de visita.<\/li>\n\n\n\n<li>Contratos de servi\u00e7os e acordos comerciais.<\/li>\n\n\n\n<li>F\u00e9rias e eventos relacionados com o seu setor de neg\u00f3cio.<\/li>\n\n\n\n<li>Contratos de trabalho e processos de sele\u00e7\u00e3o de candidatos.<\/li>\n<\/ul>\n\n\n\n<h2 class=\"wp-block-heading\">Que categorias de dados processamos?<\/h2>\n\n\n\n<ul class=\"wp-block-list\">\n<li>Dados de identifica\u00e7\u00e3o.<\/li>\n\n\n\n<li>Dados de emprego.<\/li>\n\n\n\n<li>Profiss\u00e3o<\/li>\n\n\n\n<li>Endere\u00e7o postal.<\/li>\n\n\n\n<li>Dados para efetuar o reembolso (morada de recolha, origem e data da compra, motivo da devolu\u00e7\u00e3o)<\/li>\n\n\n\n<li>Dados acad\u00eamicos e profissionais<\/li>\n\n\n\n<li>Endere\u00e7os eletr\u00f4nicos<\/li>\n\n\n\n<li>Informa\u00e7\u00f5es comerciais<\/li>\n\n\n\n<li>Dados econ\u00f4micos e financeiros.<\/li>\n<\/ul>\n\n\n\n<h2 class=\"wp-block-heading\">Que medidas de seguran\u00e7a aplicamos aos dados pessoais?<\/h2>\n\n\n\n<p class=\"wp-block-paragraph\">JDM S.R.L., informa que aplica as medidas de seguran\u00e7a necess\u00e1rias para evitar roubo, altera\u00e7\u00e3o ou acesso n\u00e3o autorizado aos dados, tendo em conta o estado da t\u00e9cnica, os custos de aplica\u00e7\u00e3o, e a natureza, o \u00e2mbito, o contexto e as finalidades do tratamento. , bem como riscos de probabilidade e gravidade vari\u00e1veis \u200b\u200bpara os direitos e liberdades das pessoas singulares No caso de contrata\u00e7\u00e3o de servi\u00e7os, exigimos e garantimos que o respons\u00e1vel pelo tratamento aplique medidas t\u00e9cnicas e organizacionais adequadas para garantir um n\u00edvel de seguran\u00e7a. apropriado para o riscos existentes, conforme disposto no art. 32 do Regulamento Geral de Prote\u00e7\u00e3o de Dados Tamb\u00e9m realizamos Avalia\u00e7\u00f5es de Impacto nas opera\u00e7\u00f5es de tratamento que consideramos que podem representar um risco para os direitos e liberdades das pessoas, a fim de implementar as medidas necess\u00e1rias e oportunas para evitar uma viola\u00e7\u00e3o da confidencialidade.<\/p>\n\n\n\n<h2 class=\"wp-block-heading\">Quais s\u00e3o os seus direitos?<\/h2>\n\n\n\n<p class=\"wp-block-paragraph\">Toda pessoa tem o direito de saber se a JDM S.R.L. processa os seus dados pessoais. Voc\u00ea tamb\u00e9m tem o direito de:<\/p>\n\n\n\n<ul class=\"wp-block-list\">\n<li>Acesse seus dados pessoais.<\/li>\n\n\n\n<li>Solicitar retifica\u00e7\u00e3o de dados imprecisos.<\/li>\n\n\n\n<li>Solicitar a sua elimina\u00e7\u00e3o quando, entre outros motivos, os dados j\u00e1 n\u00e3o forem necess\u00e1rios para os fins para os quais foram recolhidos.<\/li>\n\n\n\n<li>Opor-se ao tratamento dos seus dados, por motivos relacionados com a sua situa\u00e7\u00e3o particular, solicitando que os mesmos n\u00e3o sejam tratados pela JDM S.R.L..<\/li>\n\n\n\n<li>Em determinadas circunst\u00e2ncias, solicitar a limita\u00e7\u00e3o do tratamento dos seus dados, caso em que apenas os conservaremos para o exerc\u00edcio ou defesa de reclama\u00e7\u00f5es.<\/li>\n\n\n\n<li>Retirar, sempre que desejar, o consentimento prestado, sem afetar a legalidade do tratamento que efetu\u00e1mos antes da referida retirada.<\/li>\n<\/ul>\n\n\n\n<p class=\"wp-block-paragraph\">Ao exercer os seus direitos de elimina\u00e7\u00e3o, oposi\u00e7\u00e3o, limita\u00e7\u00e3o ou retirar o seu consentimento, JDM S.R.L. deixar\u00e1 de tratar os seus dados, exceto por motivos leg\u00edtimos imperiosos ou para o exerc\u00edcio ou defesa de poss\u00edveis reclama\u00e7\u00f5es.<\/p>\n\n\n\n<p class=\"wp-block-paragraph\">Voc\u00ea pode exercer todos estes direitos entrando em contato conosco nos seguintes endere\u00e7os: Sede Jur\u00eddica: B.go Compagnoni 32 \u2013 62100 \u2013 Macerata<br>Sede Operacional e Log\u00edstica: Via Piermanni 6B \u2013 Zona Industriale VILLA MATTEI \u2013 62010 \u2013 Sant\u2019Egidio di Montecassiano (MC).<\/p>\n\n\n\n<p class=\"wp-block-paragraph\">Lembre-se sempre, ao exercer qualquer um dos direitos que lhe explicamos, de acompanhar o seu pedido com uma c\u00f3pia do seu DNI ou documento equivalente que nos permita verificar a sua identidade. Da mesma forma, se n\u00e3o estiver satisfeito com a forma como cuidamos dos seus direitos, voc\u00ea pode registrar uma reclama\u00e7\u00e3o junto \u00e0 Ag\u00eancia Espanhola de Prote\u00e7\u00e3o de Dados, atrav\u00e9s do site\u00a0<a href=\"http:\/\/www.aepd.es\/\" target=\"_blank\" rel=\"noreferrer noopener\">www.aepd.es<\/a>.<\/p>\n\n\n\n<h2 class=\"wp-block-heading\">O que voc\u00ea pode fazer se n\u00e3o quiser receber Comunica\u00e7\u00f5es Comerciais?<\/h2>\n\n\n\n<p class=\"wp-block-paragraph\">De acordo com a LSSI, voc\u00ea poder\u00e1 cancelar qualquer um dos servi\u00e7os de assinatura, bem como manifestar sua oposi\u00e7\u00e3o ao recebimento de informa\u00e7\u00f5es publicit\u00e1rias, enviando a palavra UNSUBSCRIBE para os seguintes endere\u00e7os: Sede Jur\u00eddica: B.go Compagnoni 32 \u2013 62100 \u2013 Macerata<br>Sede Operacional e Log\u00edstica: Via Piermanni 6B \u2013 Zona Industriale VILLA MATTEI \u2013 62010 \u2013 Sant\u2019Egidio di Montecassiano (MC).<\/p>","protected":false},"excerpt":{"rendered":"<p>El Reglamento General de Protecci\u00f3n de Datos (Reglamento (UE) 2016\/679) armoniza la legislaci\u00f3n en materia de Protecci\u00f3n de Datos en toda la Uni\u00f3n Europea, incrementado la protecci\u00f3n de las personas f\u00edsicas y otorg\u00e1ndoles un mayor control sobre sus datos personales. En JDM S.R.L. siempre nos hemos preocupado por la protecci\u00f3n de los datos personales. Por [&hellip;]<\/p>\n","protected":false},"author":2,"featured_media":0,"parent":0,"menu_order":0,"comment_status":"closed","ping_status":"open","template":"","meta":{"footnotes":""},"class_list":["post-3","page","type-page","status-publish","hentry"],"_links":{"self":[{"href":"https:\/\/www.eagle-glasses.com\/pt\/wp-json\/wp\/v2\/pages\/3","targetHints":{"allow":["GET"]}}],"collection":[{"href":"https:\/\/www.eagle-glasses.com\/pt\/wp-json\/wp\/v2\/pages"}],"about":[{"href":"https:\/\/www.eagle-glasses.com\/pt\/wp-json\/wp\/v2\/types\/page"}],"author":[{"embeddable":true,"href":"https:\/\/www.eagle-glasses.com\/pt\/wp-json\/wp\/v2\/users\/2"}],"replies":[{"embeddable":true,"href":"https:\/\/www.eagle-glasses.com\/pt\/wp-json\/wp\/v2\/comments?post=3"}],"version-history":[{"count":8,"href":"https:\/\/www.eagle-glasses.com\/pt\/wp-json\/wp\/v2\/pages\/3\/revisions"}],"predecessor-version":[{"id":437,"href":"https:\/\/www.eagle-glasses.com\/pt\/wp-json\/wp\/v2\/pages\/3\/revisions\/437"}],"wp:attachment":[{"href":"https:\/\/www.eagle-glasses.com\/pt\/wp-json\/wp\/v2\/media?parent=3"}],"curies":[{"name":"palavra-passe","href":"https:\/\/api.w.org\/{rel}","templated":true}]}}